{"id":2910,"date":"2025-04-08T18:47:23","date_gmt":"2025-04-08T18:47:23","guid":{"rendered":"https:\/\/cofradiadeldesarme.com\/?page_id=2910"},"modified":"2025-04-22T09:38:23","modified_gmt":"2025-04-22T09:38:23","slug":"capitulos","status":"publish","type":"page","link":"https:\/\/cofradiadeldesarme.com\/?page_id=2910","title":{"rendered":"Cap\u00edtulos"},"content":{"rendered":"\t\t<div data-elementor-type=\"wp-page\" data-elementor-id=\"2910\" class=\"elementor elementor-2910\" data-elementor-post-type=\"page\">\n\t\t\t\t<div class=\"elementor-element elementor-element-0f6c13f e-flex e-con-boxed e-con e-parent\" data-id=\"0f6c13f\" data-element_type=\"container\" data-e-type=\"container\">\n\t\t\t\t\t<div class=\"e-con-inner\">\n\t\t\t\t<div class=\"elementor-element elementor-element-4c5fbb9 uael-timeline--center uael-timeline-responsive-tablet uael-timeline-arrow-center sc_fly_static elementor-widget elementor-widget-uael-timeline\" data-id=\"4c5fbb9\" data-element_type=\"widget\" data-e-type=\"widget\" data-widget_type=\"uael-timeline.default\">\n\t\t\t\t<div class=\"elementor-widget-container\">\n\t\t\t\t\t\t\t\t<div class=\"uael-timeline-wrapper uael-timeline-node\">\n\t\t\t\t\t\t<div class=\"uael-timeline-main\">\n\t\t\t<div class=\"uael-days\">\n\t\t\t\t\t\t\t\t\t<div class=\"elementor-repeater-item-2761 uael-timeline-field animate-border out-view\">\n\t\t\t\t\t\t<div class=\"uael-timeline-widget uael-timeline-right\">\n\t\t\t\t\t\t\t<div class=\"uael-timeline-marker\">\n\t\t\t\t\t\t\t\t<span class=\"timeline-icon-new out-view-timeline-icon\">\n\t\t\t\t\t\t\t\t\t<svg aria-hidden=\"true\" class=\"e-font-icon-svg e-fa-calendar\" viewBox=\"0 0 448 512\" xmlns=\"http:\/\/www.w3.org\/2000\/svg\"><path d=\"M12 192h424c6.6 0 12 5.4 12 12v260c0 26.5-21.5 48-48 48H48c-26.5 0-48-21.5-48-48V204c0-6.6 5.4-12 12-12zm436-44v-36c0-26.5-21.5-48-48-48h-48V12c0-6.6-5.4-12-12-12h-40c-6.6 0-12 5.4-12 12v52H160V12c0-6.6-5.4-12-12-12h-40c-6.6 0-12 5.4-12 12v52H48C21.5 64 0 85.5 0 112v36c0 6.6 5.4 12 12 12h424c6.6 0 12-5.4 12-12z\"><\/path><\/svg>\t\t\t\t\t\t\t\t<\/span>\n\n\t\t\t\t\t\t\t<\/div>\n\n\t\t\t\t\t\t\t<div class=\"uael-day-new uael-day-right\">\n\t\t\t\t\t\t\t\t<div class=\"uael-events-new\">\n\t\t\t\t\t\t\t\t\t\t\t\t\t\t\t\t\t\t\t<a href=\"https:\/\/cofradiadeldesarme.com\/?capitulos=capitulo-xii\">\n\t\t\t\t\t\t\t\t\t\t\t\t\t\t\t\t\t\t\t<div class=\"uael-events-inner-new\">\n\n\t\t\t\t\t\t\t\t\t\t\t\t\t\t\t\t\t\t\t\t\t\t\t<div class=\"uael-timeline-featured-img\">\n\t\t\t\t\t\t\t\t\t\t\t\t\t<img fetchpriority=\"high\" decoding=\"async\" width=\"1560\" height=\"1170\" src=\"https:\/\/cofradiadeldesarme.com\/wp-content\/uploads\/2024\/10\/Capitulo-XII-Cofradia-del-Desarme-2024-02.jpg\" class=\"attachment-full size-full wp-image-2759\" alt=\"\" srcset=\"https:\/\/cofradiadeldesarme.com\/wp-content\/uploads\/2024\/10\/Capitulo-XII-Cofradia-del-Desarme-2024-02.jpg 1560w, https:\/\/cofradiadeldesarme.com\/wp-content\/uploads\/2024\/10\/Capitulo-XII-Cofradia-del-Desarme-2024-02-300x225.jpg 300w, https:\/\/cofradiadeldesarme.com\/wp-content\/uploads\/2024\/10\/Capitulo-XII-Cofradia-del-Desarme-2024-02-1024x768.jpg 1024w, https:\/\/cofradiadeldesarme.com\/wp-content\/uploads\/2024\/10\/Capitulo-XII-Cofradia-del-Desarme-2024-02-768x576.jpg 768w, https:\/\/cofradiadeldesarme.com\/wp-content\/uploads\/2024\/10\/Capitulo-XII-Cofradia-del-Desarme-2024-02-1536x1152.jpg 1536w, https:\/\/cofradiadeldesarme.com\/wp-content\/uploads\/2024\/10\/Capitulo-XII-Cofradia-del-Desarme-2024-02-370x278.jpg 370w, https:\/\/cofradiadeldesarme.com\/wp-content\/uploads\/2024\/10\/Capitulo-XII-Cofradia-del-Desarme-2024-02-1010x758.jpg 1010w, https:\/\/cofradiadeldesarme.com\/wp-content\/uploads\/2024\/10\/Capitulo-XII-Cofradia-del-Desarme-2024-02-470x353.jpg 470w, https:\/\/cofradiadeldesarme.com\/wp-content\/uploads\/2024\/10\/Capitulo-XII-Cofradia-del-Desarme-2024-02-700x525.jpg 700w\" sizes=\"(max-width: 1560px) 100vw, 1560px\" \/>\t\t\t\t\t\t\t\t\t\t\t\t<\/div>\n\t\t\t\t\t\t\t\t\t\t\t\t\t\t\t\t\t\t\t\t\t\t<div class=\"uael-timeline-date-hide uael-date-inner\">\n\t\t\t\t\t\t\t\t\t\t\t\t<div class=\"inner-date-new\">\n\t\t\t\t\t\t\t\t\t\t\t\t\t\t\t\t\t\t\t\t\t\t\t\t\t\t\t<p>octubre 26, 2024<\/p>\n\t\t\t\t\t\t\t\t\t\t\t\t\t\t\t\t\t\t\t\t\t\t\t\t\t<\/div>\n\t\t\t\t\t\t\t\t\t\t\t<\/div>\n\t\t\t\t\t\t\t\t\t\t\t<div class=\"uael-content\">\n\t\t\t\t\t\t\t\t\t\t\t\t\t\t\t\t\t\t\t\t\t\t\t\t\t<div class=\"uael-timeline-heading-text\">\n\t\t\t\t\t\t\t\t\t\t\t\t\t\t<h3 class=\"uael-timeline-heading\">Cap\u00edtulo XII<\/br><\/h3>\n\t\t\t\t\t\t\t\t\t\t\t\t\t<\/div>\n\t\t\t\t\t\t\t\t\t\t\t\t\t\t\t\t\t\t\t\t\t\t\t\t\t\t\t\t\t\t\t\t\t\t\t\t\t<div class=\"uael-timeline-desc-content\"><\/div>\n\t\t\t\t\t\t\t\t\t\t\t\t\n\t\t\t\t\t\t\t\t\t\t\t\t\t\t\t\t\t\t\t\t\t\t\t<\/div>\n\t\t\t\t\t\t\t\t\t\t\t\t\t\t\t\t\t\t\t\t\t\t\t<div class=\"uael-timeline-arrow\"><\/div>\n\t\t\t\t\t\t\t\t\t\t\t\t\t\t\t\t\t\t\t\t\t<\/div>\n\t\t\t\t\t\t\t\t\t\t\t\t\t\t\t\t\t\t\t<\/a>\n\t\t\t\t\t\t\t\t\t\t\t\t\t\t\t\t\t<\/div>\n\t\t\t\t\t\t\t<\/div>\n\t\t\t\t\t\t\t\t\t\t\t\t\t\t\t<div class=\"uael-timeline-date-new\">\n\t\t\t\t\t\t\t\t\t<div class=\"uael-date-new\">\n\t\t\t\t\t\t\t\t\t\t<div class=\"inner-date-new\">\n\t\t\t\t\t\t\t\t\t\t\t\t\t\t\t\t\t\t\t\t\t\t\t<p>octubre 26, 2024<\/p>\n\t\t\t\t\t\t\t\t\t\t\t\t\t\t\t\t\t\t\t\t\t<\/div>\n\t\t\t\t\t\t\t\t\t<\/div>\n\t\t\t\t\t\t\t\t<\/div>\n\t\t\t\t\t\t\t\t\t\t\t\t\t<\/div>\n\t\t\t\t\t<\/div>\n\t\t\t\t\t\t\t\t\t\t\t\t\t\t\t<div class=\"elementor-repeater-item-2872 uael-timeline-field animate-border out-view\">\n\t\t\t\t\t\t<div class=\"uael-timeline-widget uael-timeline-left\">\n\t\t\t\t\t\t\t<div class=\"uael-timeline-marker\">\n\t\t\t\t\t\t\t\t<span class=\"timeline-icon-new out-view-timeline-icon\">\n\t\t\t\t\t\t\t\t\t<svg aria-hidden=\"true\" class=\"e-font-icon-svg e-fa-calendar\" viewBox=\"0 0 448 512\" xmlns=\"http:\/\/www.w3.org\/2000\/svg\"><path d=\"M12 192h424c6.6 0 12 5.4 12 12v260c0 26.5-21.5 48-48 48H48c-26.5 0-48-21.5-48-48V204c0-6.6 5.4-12 12-12zm436-44v-36c0-26.5-21.5-48-48-48h-48V12c0-6.6-5.4-12-12-12h-40c-6.6 0-12 5.4-12 12v52H160V12c0-6.6-5.4-12-12-12h-40c-6.6 0-12 5.4-12 12v52H48C21.5 64 0 85.5 0 112v36c0 6.6 5.4 12 12 12h424c6.6 0 12-5.4 12-12z\"><\/path><\/svg>\t\t\t\t\t\t\t\t<\/span>\n\n\t\t\t\t\t\t\t<\/div>\n\n\t\t\t\t\t\t\t<div class=\"uael-day-new uael-day-left\">\n\t\t\t\t\t\t\t\t<div class=\"uael-events-new\">\n\t\t\t\t\t\t\t\t\t\t\t\t\t\t\t\t\t\t\t<a href=\"https:\/\/cofradiadeldesarme.com\/?capitulos=capitulo-xi\">\n\t\t\t\t\t\t\t\t\t\t\t\t\t\t\t\t\t\t\t<div class=\"uael-events-inner-new\">\n\n\t\t\t\t\t\t\t\t\t\t\t\t\t\t\t\t\t\t\t\t\t\t\t<div class=\"uael-timeline-featured-img\">\n\t\t\t\t\t\t\t\t\t\t\t\t\t<img decoding=\"async\" width=\"1200\" height=\"900\" src=\"https:\/\/cofradiadeldesarme.com\/wp-content\/uploads\/2024\/09\/cofradia-del-desarme-de-oviedo-capitulo-xi.jpg\" class=\"attachment-full size-full wp-image-2858\" alt=\"\" srcset=\"https:\/\/cofradiadeldesarme.com\/wp-content\/uploads\/2024\/09\/cofradia-del-desarme-de-oviedo-capitulo-xi.jpg 1200w, https:\/\/cofradiadeldesarme.com\/wp-content\/uploads\/2024\/09\/cofradia-del-desarme-de-oviedo-capitulo-xi-300x225.jpg 300w, https:\/\/cofradiadeldesarme.com\/wp-content\/uploads\/2024\/09\/cofradia-del-desarme-de-oviedo-capitulo-xi-1024x768.jpg 1024w, https:\/\/cofradiadeldesarme.com\/wp-content\/uploads\/2024\/09\/cofradia-del-desarme-de-oviedo-capitulo-xi-768x576.jpg 768w, https:\/\/cofradiadeldesarme.com\/wp-content\/uploads\/2024\/09\/cofradia-del-desarme-de-oviedo-capitulo-xi-370x278.jpg 370w, https:\/\/cofradiadeldesarme.com\/wp-content\/uploads\/2024\/09\/cofradia-del-desarme-de-oviedo-capitulo-xi-1010x758.jpg 1010w, https:\/\/cofradiadeldesarme.com\/wp-content\/uploads\/2024\/09\/cofradia-del-desarme-de-oviedo-capitulo-xi-470x353.jpg 470w, https:\/\/cofradiadeldesarme.com\/wp-content\/uploads\/2024\/09\/cofradia-del-desarme-de-oviedo-capitulo-xi-700x525.jpg 700w\" sizes=\"(max-width: 1200px) 100vw, 1200px\" \/>\t\t\t\t\t\t\t\t\t\t\t\t<\/div>\n\t\t\t\t\t\t\t\t\t\t\t\t\t\t\t\t\t\t\t\t\t\t<div class=\"uael-timeline-date-hide uael-date-inner\">\n\t\t\t\t\t\t\t\t\t\t\t\t<div class=\"inner-date-new\">\n\t\t\t\t\t\t\t\t\t\t\t\t\t\t\t\t\t\t\t\t\t\t\t\t\t\t\t<p>octubre 21, 2023<\/p>\n\t\t\t\t\t\t\t\t\t\t\t\t\t\t\t\t\t\t\t\t\t\t\t\t\t<\/div>\n\t\t\t\t\t\t\t\t\t\t\t<\/div>\n\t\t\t\t\t\t\t\t\t\t\t<div class=\"uael-content\">\n\t\t\t\t\t\t\t\t\t\t\t\t\t\t\t\t\t\t\t\t\t\t\t\t\t<div class=\"uael-timeline-heading-text\">\n\t\t\t\t\t\t\t\t\t\t\t\t\t\t<h3 class=\"uael-timeline-heading uael-timeline-heading\">Cap\u00edtulo XI<\/br><\/h3>\n\t\t\t\t\t\t\t\t\t\t\t\t\t<\/div>\n\t\t\t\t\t\t\t\t\t\t\t\t\t\t\t\t\t\t\t\t\t\t\t\t\t\t\t\t\t\t\t\t\t\t\t\t\t<div class=\"uael-timeline-desc-content\"><\/div>\n\t\t\t\t\t\t\t\t\t\t\t\t\n\t\t\t\t\t\t\t\t\t\t\t\t\t\t\t\t\t\t\t\t\t\t\t<\/div>\n\t\t\t\t\t\t\t\t\t\t\t\t\t\t\t\t\t\t\t\t\t\t\t<div class=\"uael-timeline-arrow\"><\/div>\n\t\t\t\t\t\t\t\t\t\t\t\t\t\t\t\t\t\t\t\t\t<\/div>\n\t\t\t\t\t\t\t\t\t\t\t\t\t\t\t\t\t\t\t<\/a>\n\t\t\t\t\t\t\t\t\t\t\t\t\t\t\t\t\t<\/div>\n\t\t\t\t\t\t\t<\/div>\n\t\t\t\t\t\t\t\t\t\t\t\t\t\t\t<div class=\"uael-timeline-date-new\">\n\t\t\t\t\t\t\t\t\t<div class=\"uael-date-new\">\n\t\t\t\t\t\t\t\t\t\t<div class=\"inner-date-new\">\n\t\t\t\t\t\t\t\t\t\t\t\t\t\t\t\t\t\t\t\t\t\t\t<p>octubre 21, 2023<\/p>\n\t\t\t\t\t\t\t\t\t\t\t\t\t\t\t\t\t\t\t\t\t<\/div>\n\t\t\t\t\t\t\t\t\t<\/div>\n\t\t\t\t\t\t\t\t<\/div>\n\t\t\t\t\t\t\t\t\t\t\t\t\t<\/div>\n\t\t\t\t\t<\/div>\n\t\t\t\t\t\t\t\t\t\t\t\t\t<\/div>\n\t\t\t<div class=\"uael-timeline__line\">\n\t\t\t\t<div class=\"uael-timeline__line__inner\"><\/div>\n\t\t\t<\/div>\n\t\t\t\t\t<\/div>\n\t\t\t\t\t<\/div>\n\t\t\t\t\t\t\t<\/div>\n\t\t\t\t<\/div>\n\t\t\t\t\t<\/div>\n\t\t\t\t<\/div>\n\t\t\t\t<\/div>\n\t\t","protected":false},"excerpt":{"rendered":"<p>octubre 26, 2024 Cap\u00edtulo XII octubre 26, 2024 octubre 21, 2023 Cap\u00edtulo XI octubre 21, 2023<\/p>\n","protected":false},"author":1,"featured_media":0,"parent":0,"menu_order":0,"comment_status":"closed","ping_status":"closed","template":"","meta":{"_acf_changed":false,"footnotes":""},"class_list":["post-2910","page","type-page","status-publish","hentry"],"aioseo_notices":[],"aioseo_head":"\n\t\t<!-- All in One SEO 5.0.1.1 - aioseo.com -->\n\t<meta name=\"robots\" content=\"noindex, nofollow, max-image-preview:large\" \/>\n\t<meta name=\"google-site-verification\" content=\"TeADORbnbuzbAYnSXlpdGfN9bzDT493vArWGYaN822Y\" \/>\n\t<link rel=\"canonical\" href=\"https:\/\/cofradiadeldesarme.com\/?capitulos=capitulo-xi\" \/>\n\t<meta name=\"generator\" content=\"All in One SEO (AIOSEO) 5.0.1.1\" \/>\n\t\t<meta property=\"og:locale\" content=\"es_ES\" \/>\n\t\t<meta property=\"og:site_name\" content=\"El Desarme de Oviedo - La Fiesta Gastron\u00f3mica m\u00e1s antigua de Espa\u00f1a\" \/>\n\t\t<meta property=\"og:type\" content=\"article\" \/>\n\t\t<meta property=\"og:title\" content=\"Cap\u00edtulo XI - El Desarme de Oviedo\" \/>\n\t\t<meta property=\"og:url\" content=\"https:\/\/cofradiadeldesarme.com\/?capitulos=capitulo-xi\" \/>\n\t\t<meta property=\"og:image\" content=\"https:\/\/cofradiadeldesarme.com\/wp-content\/uploads\/2025\/04\/logo-El-Desarme-min.png\" \/>\n\t\t<meta property=\"og:image:secure_url\" content=\"https:\/\/cofradiadeldesarme.com\/wp-content\/uploads\/2025\/04\/logo-El-Desarme-min.png\" \/>\n\t\t<meta property=\"article:published_time\" content=\"2023-10-21T16:03:25+00:00\" \/>\n\t\t<meta property=\"article:modified_time\" content=\"2025-04-08T18:11:01+00:00\" \/>\n\t\t<meta name=\"twitter:card\" content=\"summary_large_image\" \/>\n\t\t<meta name=\"twitter:title\" content=\"Cap\u00edtulo XI - El Desarme de Oviedo\" \/>\n\t\t<meta name=\"twitter:image\" content=\"https:\/\/cofradiadeldesarme.com\/wp-content\/uploads\/2025\/04\/logo-El-Desarme-min.png\" \/>\n\t\t<script type=\"application\/ld+json\" class=\"aioseo-schema\">\n\t\t\t{\"@context\":\"https:\\\/\\\/schema.org\",\"@graph\":[{\"@type\":\"BreadcrumbList\",\"@id\":\"https:\\\/\\\/cofradiadeldesarme.com\\\/?capitulos=capitulo-xi#breadcrumblist\",\"itemListElement\":[{\"@type\":\"ListItem\",\"@id\":\"https:\\\/\\\/cofradiadeldesarme.com#listItem\",\"position\":1,\"name\":\"Home\",\"item\":\"https:\\\/\\\/cofradiadeldesarme.com\",\"nextItem\":{\"@type\":\"ListItem\",\"@id\":\"https:\\\/\\\/cofradiadeldesarme.com\\\/?page_id=2910#listItem\",\"name\":\"Cap\\u00edtulos\"}},{\"@type\":\"ListItem\",\"@id\":\"https:\\\/\\\/cofradiadeldesarme.com\\\/?page_id=2910#listItem\",\"position\":2,\"name\":\"Cap\\u00edtulos\",\"previousItem\":{\"@type\":\"ListItem\",\"@id\":\"https:\\\/\\\/cofradiadeldesarme.com#listItem\",\"name\":\"Home\"}}]},{\"@type\":\"Organization\",\"@id\":\"https:\\\/\\\/cofradiadeldesarme.com\\\/#organization\",\"name\":\"El Desarme de Oviedo\",\"description\":\"La Fiesta Gastron\\u00f3mica m\\u00e1s antigua de Espa\\u00f1a\",\"url\":\"https:\\\/\\\/cofradiadeldesarme.com\\\/\",\"logo\":{\"@type\":\"ImageObject\",\"url\":\"https:\\\/\\\/cofradiadeldesarme.com\\\/wp-content\\\/uploads\\\/2025\\\/04\\\/logo-El-Desarme-min.png\",\"@id\":\"https:\\\/\\\/cofradiadeldesarme.com\\\/?capitulos=capitulo-xi\\\/#organizationLogo\",\"width\":400,\"height\":190},\"image\":{\"@id\":\"https:\\\/\\\/cofradiadeldesarme.com\\\/?capitulos=capitulo-xi\\\/#organizationLogo\"}},{\"@type\":\"WebPage\",\"@id\":\"https:\\\/\\\/cofradiadeldesarme.com\\\/?capitulos=capitulo-xi#webpage\",\"url\":\"https:\\\/\\\/cofradiadeldesarme.com\\\/?capitulos=capitulo-xi\",\"name\":\"Cap\\u00edtulo XI - El Desarme de Oviedo\",\"inLanguage\":\"es-ES\",\"isPartOf\":{\"@id\":\"https:\\\/\\\/cofradiadeldesarme.com\\\/#website\"},\"breadcrumb\":{\"@id\":\"https:\\\/\\\/cofradiadeldesarme.com\\\/?capitulos=capitulo-xi#breadcrumblist\"},\"image\":{\"@type\":\"ImageObject\",\"url\":\"https:\\\/\\\/cofradiadeldesarme.com\\\/wp-content\\\/uploads\\\/2024\\\/09\\\/cofradia-del-desarme-de-oviedo-capitulo-xi.jpg\",\"@id\":\"https:\\\/\\\/cofradiadeldesarme.com\\\/?capitulos=capitulo-xi\\\/#mainImage\",\"width\":1200,\"height\":900},\"primaryImageOfPage\":{\"@id\":\"https:\\\/\\\/cofradiadeldesarme.com\\\/?capitulos=capitulo-xi#mainImage\"},\"datePublished\":\"2023-10-21T16:03:25+02:00\",\"dateModified\":\"2025-04-08T18:11:01+02:00\"},{\"@type\":\"WebSite\",\"@id\":\"https:\\\/\\\/cofradiadeldesarme.com\\\/#website\",\"url\":\"https:\\\/\\\/cofradiadeldesarme.com\\\/\",\"name\":\"El Desarme de Oviedo\",\"description\":\"La Fiesta Gastron\\u00f3mica m\\u00e1s antigua de Espa\\u00f1a\",\"inLanguage\":\"es-ES\",\"publisher\":{\"@id\":\"https:\\\/\\\/cofradiadeldesarme.com\\\/#organization\"}}]}\n\t\t<\/script>\n\t\t<!-- All in One SEO -->\n\n","aioseo_head_json":{"title":"Cap\u00edtulo XI - El Desarme de Oviedo","description":"","canonical_url":"https:\/\/cofradiadeldesarme.com\/?capitulos=capitulo-xi","robots":"noindex, nofollow, max-image-preview:large","keywords":"","webmasterTools":{"google-site-verification":"TeADORbnbuzbAYnSXlpdGfN9bzDT493vArWGYaN822Y","miscellaneous":""},"schema":{"@context":"https:\/\/schema.org","@graph":[{"@type":"BreadcrumbList","@id":"https:\/\/cofradiadeldesarme.com\/?capitulos=capitulo-xi#breadcrumblist","itemListElement":[{"@type":"ListItem","@id":"https:\/\/cofradiadeldesarme.com#listItem","position":1,"name":"Home","item":"https:\/\/cofradiadeldesarme.com","nextItem":{"@type":"ListItem","@id":"https:\/\/cofradiadeldesarme.com\/?page_id=2910#listItem","name":"Cap\u00edtulos"}},{"@type":"ListItem","@id":"https:\/\/cofradiadeldesarme.com\/?page_id=2910#listItem","position":2,"name":"Cap\u00edtulos","previousItem":{"@type":"ListItem","@id":"https:\/\/cofradiadeldesarme.com#listItem","name":"Home"}}]},{"@type":"Organization","@id":"https:\/\/cofradiadeldesarme.com\/#organization","name":"El Desarme de Oviedo","description":"La Fiesta Gastron\u00f3mica m\u00e1s antigua de Espa\u00f1a","url":"https:\/\/cofradiadeldesarme.com\/","logo":{"@type":"ImageObject","url":"https:\/\/cofradiadeldesarme.com\/wp-content\/uploads\/2025\/04\/logo-El-Desarme-min.png","@id":"https:\/\/cofradiadeldesarme.com\/?capitulos=capitulo-xi\/#organizationLogo","width":400,"height":190},"image":{"@id":"https:\/\/cofradiadeldesarme.com\/?capitulos=capitulo-xi\/#organizationLogo"}},{"@type":"WebPage","@id":"https:\/\/cofradiadeldesarme.com\/?capitulos=capitulo-xi#webpage","url":"https:\/\/cofradiadeldesarme.com\/?capitulos=capitulo-xi","name":"Cap\u00edtulo XI - El Desarme de Oviedo","inLanguage":"es-ES","isPartOf":{"@id":"https:\/\/cofradiadeldesarme.com\/#website"},"breadcrumb":{"@id":"https:\/\/cofradiadeldesarme.com\/?capitulos=capitulo-xi#breadcrumblist"},"image":{"@type":"ImageObject","url":"https:\/\/cofradiadeldesarme.com\/wp-content\/uploads\/2024\/09\/cofradia-del-desarme-de-oviedo-capitulo-xi.jpg","@id":"https:\/\/cofradiadeldesarme.com\/?capitulos=capitulo-xi\/#mainImage","width":1200,"height":900},"primaryImageOfPage":{"@id":"https:\/\/cofradiadeldesarme.com\/?capitulos=capitulo-xi#mainImage"},"datePublished":"2023-10-21T16:03:25+02:00","dateModified":"2025-04-08T18:11:01+02:00"},{"@type":"WebSite","@id":"https:\/\/cofradiadeldesarme.com\/#website","url":"https:\/\/cofradiadeldesarme.com\/","name":"El Desarme de Oviedo","description":"La Fiesta Gastron\u00f3mica m\u00e1s antigua de Espa\u00f1a","inLanguage":"es-ES","publisher":{"@id":"https:\/\/cofradiadeldesarme.com\/#organization"}}]},"og:locale":"es_ES","og:site_name":"El Desarme de Oviedo - La Fiesta Gastron\u00f3mica m\u00e1s antigua de Espa\u00f1a","og:type":"article","og:title":"Cap\u00edtulo XI - El Desarme de Oviedo","og:url":"https:\/\/cofradiadeldesarme.com\/?capitulos=capitulo-xi","og:image":"https:\/\/cofradiadeldesarme.com\/wp-content\/uploads\/2025\/04\/logo-El-Desarme-min.png","og:image:secure_url":"https:\/\/cofradiadeldesarme.com\/wp-content\/uploads\/2025\/04\/logo-El-Desarme-min.png","article:published_time":"2023-10-21T16:03:25+00:00","article:modified_time":"2025-04-08T18:11:01+00:00","twitter:card":"summary_large_image","twitter:title":"Cap\u00edtulo XI - El Desarme de Oviedo","twitter:image":"https:\/\/cofradiadeldesarme.com\/wp-content\/uploads\/2025\/04\/logo-El-Desarme-min.png"},"aioseo_meta_data":{"post_id":"2910","title":null,"description":null,"keywords":null,"keyphrases":null,"primary_term":null,"canonical_url":null,"og_title":null,"og_description":null,"og_object_type":"default","og_image_type":"default","og_image_url":null,"og_image_width":null,"og_image_height":null,"og_image_custom_url":null,"og_image_custom_fields":null,"og_video":null,"og_custom_url":null,"og_article_section":null,"og_article_tags":null,"twitter_use_og":false,"twitter_card":"default","twitter_image_type":"default","twitter_image_url":null,"twitter_image_custom_url":null,"twitter_image_custom_fields":null,"twitter_title":null,"twitter_description":null,"schema":{"blockGraphs":[],"customGraphs":[],"default":{"data":{"Article":[],"Course":[],"Dataset":[],"FAQPage":[],"Movie":[],"Person":[],"Product":[],"ProductReview":[],"Car":[],"Recipe":[],"Service":[],"SoftwareApplication":[],"WebPage":[]},"graphName":"","isEnabled":true},"graphs":[]},"schema_type":"default","schema_type_options":null,"pillar_content":false,"robots_default":true,"robots_noindex":false,"robots_noarchive":false,"robots_nosnippet":false,"robots_nofollow":false,"robots_noimageindex":false,"robots_noodp":false,"robots_notranslate":false,"robots_max_snippet":null,"robots_max_videopreview":null,"robots_max_imagepreview":"large","priority":null,"frequency":null,"local_seo":null,"breadcrumb_settings":null,"limit_modified_date":false,"ai":null,"created":"2025-09-04 20:08:44","updated":"2025-09-04 20:08:44","seo_analyzer_scan_date":null,"focus_keyword":null,"additional_keywords":null,"truseo_locale":null},"aioseo_breadcrumb":"<div class=\"aioseo-breadcrumbs\"><span class=\"aioseo-breadcrumb\">\n\t\t\t<a href=\"https:\/\/cofradiadeldesarme.com\" title=\"Home\">Home<\/a>\n\t\t<\/span><span class=\"aioseo-breadcrumb-separator\">&raquo;<\/span><span class=\"aioseo-breadcrumb\">\n\t\t\tCap\u00edtulos\n\t\t<\/span><\/div>","aioseo_breadcrumb_json":[{"label":"Home","link":"https:\/\/cofradiadeldesarme.com"},{"label":"Cap\u00edtulos","link":"https:\/\/cofradiadeldesarme.com\/?page_id=2910"}],"acf":[],"_links":{"self":[{"href":"https:\/\/cofradiadeldesarme.com\/index.php?rest_route=\/wp\/v2\/pages\/2910","targetHints":{"allow":["GET"]}}],"collection":[{"href":"https:\/\/cofradiadeldesarme.com\/index.php?rest_route=\/wp\/v2\/pages"}],"about":[{"href":"https:\/\/cofradiadeldesarme.com\/index.php?rest_route=\/wp\/v2\/types\/page"}],"author":[{"embeddable":true,"href":"https:\/\/cofradiadeldesarme.com\/index.php?rest_route=\/wp\/v2\/users\/1"}],"replies":[{"embeddable":true,"href":"https:\/\/cofradiadeldesarme.com\/index.php?rest_route=%2Fwp%2Fv2%2Fcomments&post=2910"}],"version-history":[{"count":10,"href":"https:\/\/cofradiadeldesarme.com\/index.php?rest_route=\/wp\/v2\/pages\/2910\/revisions"}],"predecessor-version":[{"id":2927,"href":"https:\/\/cofradiadeldesarme.com\/index.php?rest_route=\/wp\/v2\/pages\/2910\/revisions\/2927"}],"wp:attachment":[{"href":"https:\/\/cofradiadeldesarme.com\/index.php?rest_route=%2Fwp%2Fv2%2Fmedia&parent=2910"}],"curies":[{"name":"wp","href":"https:\/\/api.w.org\/{rel}","templated":true}]}}